{"id":97,"date":"2022-06-27T17:11:10","date_gmt":"2022-06-27T20:11:10","guid":{"rendered":"http:\/\/extensao.ifg.edu.br\/pmmsc\/?page_id=97"},"modified":"2022-06-30T15:07:13","modified_gmt":"2022-06-30T18:07:13","slug":"legislacoes","status":"publish","type":"page","link":"https:\/\/extensao.ifg.edu.br\/pmmsc\/legislacoes\/","title":{"rendered":"Legisla\u00e7\u00f5es"},"content":{"rendered":"<p style=\"text-align: justify\"><strong>Leis Federais<\/strong><\/p>\n<div class=\"\">\n<div id=\"comp-l4ihm720\" class=\"_2KixH\">\n<div id=\"text-content-comp-l4ihm720\" class=\"_2Hij5 _3bcaz\">\n<p style=\"text-align: justify;background: white;margin: 0cm 0cm 18.0pt 0cm\"><span style=\"font-family: 'Helvetica','sans-serif';color: #141412\"><a href=\"http:\/\/legislacao.planalto.gov.br\/legisla\/legislacao.nsf\/Viw_Identificacao\/lei%2010.098-2000?OpenDocument\" target=\"_blank\"><span style=\"color: #ca3c08;text-decoration: none\">LEI\u00a0<\/span><\/a><a href=\"http:\/\/legislacao.planalto.gov.br\/legisla\/legislacao.nsf\/Viw_Identificacao\/lei%2010.098-2000?OpenDocument\" target=\"_blank\"><span style=\"color: #ca3c08;text-decoration: none\">N\u00ba\u00a0<\/span><\/a><a href=\"http:\/\/legislacao.planalto.gov.br\/legisla\/legislacao.nsf\/Viw_Identificacao\/lei%2010.098-2000?OpenDocument\" target=\"_blank\"><span style=\"color: #ca3c08;text-decoration: none\">10.098, DE 19 DE DEZEMBRO DE 2000 &#8211; ESTABELECE NORMAS GERAIS E CRIT\u00c9RIOS B\u00c1SICOS PARA A PROMO\u00c7\u00c3O DA ACESSIBILIDADE DAS PESSOAS PORTADORAS DE DEFICI\u00caNCIA OU COM MOBILIDADE REDUZIDA, E D\u00c1 OUTRAS PROVID\u00caNCIAS.<\/span><\/a><\/span><\/p>\n<p style=\"text-align: justify;background: white;margin: 0cm 0cm 18.0pt 0cm\"><span style=\"font-family: 'Helvetica','sans-serif';color: #141412\"><a href=\"http:\/\/legislacao.planalto.gov.br\/legisla\/legislacao.nsf\/Viw_Identificacao\/lei%2013.146-2015?OpenDocument\" target=\"_blank\"><span style=\"color: #ca3c08;text-decoration: none\">LEI N\u00ba 13.146, DE 6 DE JULHO DE 2015 &#8211; INSTITUI A LEI BRASILEIRA DE INCLUS\u00c3O DA PESSOA COM DEFICI\u00caNCIA (ESTATUTO DA PESSOA COM DEFICI\u00caNCIA).<\/span><\/a><\/span><\/p>\n<p class=\"font7\" style=\"text-align: justify;background: white;margin: 0cm 0cm 18.0pt 0cm\"><span style=\"font-family: 'Helvetica','sans-serif';color: #141412\"><a href=\"http:\/\/legislacao.planalto.gov.br\/legisla\/legislacao.nsf\/Viw_Identificacao\/lei%2010.257-2001?OpenDocument\" target=\"_blank\"><span style=\"color: #ca3c08;text-decoration: none\">LEI\u00a0<\/span><\/a><a href=\"http:\/\/legislacao.planalto.gov.br\/legisla\/legislacao.nsf\/Viw_Identificacao\/lei%2010.257-2001?OpenDocument\" target=\"_blank\"><span style=\"color: #ca3c08;text-decoration: none\">N\u00ba<\/span><\/a><a href=\"http:\/\/legislacao.planalto.gov.br\/legisla\/legislacao.nsf\/Viw_Identificacao\/lei%2010.257-2001?OpenDocument\" target=\"_blank\"><span style=\"color: #ca3c08;text-decoration: none\">\u00a010.257, DE 10 DE JULHO DE 2001 &#8211; ESTATUTO DAS CIDADES &#8211; REGULAMENTA OS ARTS. 182 E 183 DA CONSTITUI\u00c7\u00c3O FEDERAL, ESTABELECE DIRETRIZES GERAIS DA POL\u00cdTICA URBANA E D\u00c1 OUTRAS PROVID\u00caNCIAS<\/span><\/a><\/span><\/p>\n<p style=\"text-align: justify;background: white;margin: 0cm 0cm 18.0pt 0cm\"><span style=\"font-family: 'Helvetica','sans-serif';color: #141412\"><a href=\"http:\/\/legislacao.planalto.gov.br\/legisla\/legislacao.nsf\/Viw_Identificacao\/lei%2012.587-2012?OpenDocument\" target=\"_blank\"><span style=\"color: #ca3c08;text-decoration: none\">Lei\u00a0n\u00ba 12.587,\u00a0DE 3 DE JANEIRO\u00a0DE 2012. INSTITUI AS DIRETRIZES DA POL\u00cdTICA NACIONAL DE MOBILIDADE URBANA.<\/span><\/a><\/span><\/p>\n<p class=\"font_7\"><strong>Leis Municipais<\/strong><br \/>\n<a href=\"https:\/\/leismunicipais.com.br\/legislacao-municipal\/878\/leis-de-senador-canedo\">https:\/\/leismunicipais.com.br\/legislacao-municipal\/878\/leis-de-senador-canedo<\/a><\/p>\n<\/div>\n<\/div>\n<\/div>\n","protected":false},"excerpt":{"rendered":"<p>Leis Federais LEI\u00a0N\u00ba\u00a010.098, DE 19 DE DEZEMBRO DE 2000 &#8211; ESTABELECE NORMAS GERAIS E CRIT\u00c9RIOS B\u00c1SICOS PARA A PROMO\u00c7\u00c3O DA ACESSIBILIDADE DAS PESSOAS PORTADORAS DE DEFICI\u00caNCIA OU COM MOBILIDADE REDUZIDA, E D\u00c1 OUTRAS PROVID\u00caNCIAS. LEI N\u00ba 13.146, DE 6 DE JULHO DE 2015 &#8211; INSTITUI A LEI BRASILEIRA DE INCLUS\u00c3O DA PESSOA COM DEFICI\u00caNCIA (ESTATUTO [&hellip;]<\/p>\n","protected":false},"author":99,"featured_media":0,"parent":0,"menu_order":4,"comment_status":"closed","ping_status":"closed","template":"","meta":{"_links_to":"","_links_to_type":0,"footnotes":""},"class_list":["post-97","page","type-page","status-publish","hentry"],"_links":{"self":[{"href":"https:\/\/extensao.ifg.edu.br\/pmmsc\/wp-json\/wp\/v2\/pages\/97"}],"collection":[{"href":"https:\/\/extensao.ifg.edu.br\/pmmsc\/wp-json\/wp\/v2\/pages"}],"about":[{"href":"https:\/\/extensao.ifg.edu.br\/pmmsc\/wp-json\/wp\/v2\/types\/page"}],"author":[{"embeddable":true,"href":"https:\/\/extensao.ifg.edu.br\/pmmsc\/wp-json\/wp\/v2\/users\/99"}],"replies":[{"embeddable":true,"href":"https:\/\/extensao.ifg.edu.br\/pmmsc\/wp-json\/wp\/v2\/comments?post=97"}],"version-history":[{"count":14,"href":"https:\/\/extensao.ifg.edu.br\/pmmsc\/wp-json\/wp\/v2\/pages\/97\/revisions"}],"predecessor-version":[{"id":275,"href":"https:\/\/extensao.ifg.edu.br\/pmmsc\/wp-json\/wp\/v2\/pages\/97\/revisions\/275"}],"wp:attachment":[{"href":"https:\/\/extensao.ifg.edu.br\/pmmsc\/wp-json\/wp\/v2\/media?parent=97"}],"curies":[{"name":"wp","href":"https:\/\/api.w.org\/{rel}","templated":true}]}}