{"id":94,"date":"2022-06-27T17:11:10","date_gmt":"2022-06-27T20:11:10","guid":{"rendered":"http:\/\/extensao.ifg.edu.br\/pmmsc\/?page_id=94"},"modified":"2022-08-16T10:40:00","modified_gmt":"2022-08-16T13:40:00","slug":"reunioes-tecnicas","status":"publish","type":"page","link":"https:\/\/extensao.ifg.edu.br\/pmmsc\/reunioes-tecnicas\/","title":{"rendered":"Reuni\u00f5es T\u00e9cnicas"},"content":{"rendered":"<h1 class=\"font_0\" style=\"text-align: justify\">O que \u00e9 uma Reuni\u00e3o T\u00e9cnica?<\/h1>\n<h4 style=\"text-align: justify\">Reuni\u00e3o T\u00e9cnica \u00e9 um congresso para debater determinado assunto.<\/h4>\n<p style=\"text-align: justify\">Ela se diferencia dos demais tipos de eventos, pois\u00a0trata de assuntos\u00a0cient\u00edficos e acad\u00eamicos.<\/p>\n<p style=\"text-align: justify\">Sua principal caracter\u00edstica \u00e9 que\u00a0cobrir um \u00fanico t\u00f3pico ou assunto\u00a0e todas as palestras dadas por especialistas s\u00e3o conclu\u00eddas em um \u00fanico dia.<\/p>\n<p style=\"text-align: justify\">\u00c9 uma reuni\u00e3o formal em um ambiente acad\u00eamico onde os participantes s\u00e3o especialistas em seus campos. Esses especialistas apresentam suas opini\u00f5es ou pontos de vista sobre um tema de discuss\u00e3o escolhido.<\/p>\n<p style=\"text-align: justify\">Ao longo deste Plano de Mobilidade de Senador Canedo ser\u00e1 realizada algumas reuni\u00f5es t\u00e9cnicas e todas ser\u00e3o disponibilizadas no site.<\/p>\n","protected":false},"excerpt":{"rendered":"<p>O que \u00e9 uma Reuni\u00e3o T\u00e9cnica? Reuni\u00e3o T\u00e9cnica \u00e9 um congresso para debater determinado assunto. Ela se diferencia dos demais tipos de eventos, pois\u00a0trata de assuntos\u00a0cient\u00edficos e acad\u00eamicos. Sua principal caracter\u00edstica \u00e9 que\u00a0cobrir um \u00fanico t\u00f3pico ou assunto\u00a0e todas as palestras dadas por especialistas s\u00e3o conclu\u00eddas em um \u00fanico dia. \u00c9 uma reuni\u00e3o formal em [&hellip;]<\/p>\n","protected":false},"author":99,"featured_media":0,"parent":0,"menu_order":3,"comment_status":"closed","ping_status":"closed","template":"","meta":{"_links_to":"","_links_to_type":0,"footnotes":""},"class_list":["post-94","page","type-page","status-publish","hentry"],"_links":{"self":[{"href":"https:\/\/extensao.ifg.edu.br\/pmmsc\/wp-json\/wp\/v2\/pages\/94"}],"collection":[{"href":"https:\/\/extensao.ifg.edu.br\/pmmsc\/wp-json\/wp\/v2\/pages"}],"about":[{"href":"https:\/\/extensao.ifg.edu.br\/pmmsc\/wp-json\/wp\/v2\/types\/page"}],"author":[{"embeddable":true,"href":"https:\/\/extensao.ifg.edu.br\/pmmsc\/wp-json\/wp\/v2\/users\/99"}],"replies":[{"embeddable":true,"href":"https:\/\/extensao.ifg.edu.br\/pmmsc\/wp-json\/wp\/v2\/comments?post=94"}],"version-history":[{"count":17,"href":"https:\/\/extensao.ifg.edu.br\/pmmsc\/wp-json\/wp\/v2\/pages\/94\/revisions"}],"predecessor-version":[{"id":548,"href":"https:\/\/extensao.ifg.edu.br\/pmmsc\/wp-json\/wp\/v2\/pages\/94\/revisions\/548"}],"wp:attachment":[{"href":"https:\/\/extensao.ifg.edu.br\/pmmsc\/wp-json\/wp\/v2\/media?parent=94"}],"curies":[{"name":"wp","href":"https:\/\/api.w.org\/{rel}","templated":true}]}}