{"id":536,"date":"2022-08-16T08:59:37","date_gmt":"2022-08-16T11:59:37","guid":{"rendered":"http:\/\/extensao.ifg.edu.br\/pmmsc\/?page_id=536"},"modified":"2022-08-16T10:34:19","modified_gmt":"2022-08-16T13:34:19","slug":"2o-reuniao-tecnica","status":"publish","type":"page","link":"https:\/\/extensao.ifg.edu.br\/pmmsc\/reunioes-tecnicas\/2o-reuniao-tecnica\/","title":{"rendered":"2\u00ba Reuni\u00e3o T\u00e9cnica"},"content":{"rendered":"<h1 class=\"font_0\"><\/h1>\n<style type=\"text\/css\">\n#foogallery-gallery-425 .fg-image { width: 270px; }\n#foogallery-gallery-425 { --fg-gutter: 10px; }<\/style>\n\t\t\t<div class=\"foogallery foogallery-container foogallery-default foogallery-lightbox-foogallery fg-center fg-default fg-ready fg-light fg-border-thin fg-shadow-medium fg-loading-default fg-loaded-fade-in fg-preset fg-brad fg-preset-small fg-preset fg-brad fg-preset-small\" id=\"foogallery-gallery-425\" data-foogallery=\"{&quot;panel&quot;:{&quot;buttons&quot;:{&quot;download&quot;:false}},&quot;item&quot;:{&quot;showCaptionTitle&quot;:true,&quot;showCaptionDescription&quot;:true},&quot;lazy&quot;:true}\" data-foogallery-lightbox=\"{&quot;thumbs&quot;:&quot;bottom&quot;,&quot;thumbsCaptions&quot;:false,&quot;thumbsBestFit&quot;:false,&quot;thumbsSmall&quot;:false,&quot;thumbsCaptionsAlign&quot;:&quot;default&quot;,&quot;info&quot;:&quot;bottom&quot;,&quot;infoVisible&quot;:true,&quot;infoOverlay&quot;:true,&quot;infoAlign&quot;:&quot;default&quot;,&quot;transition&quot;:&quot;fade&quot;,&quot;hoverButtons&quot;:false,&quot;fitMedia&quot;:false,&quot;noScrollbars&quot;:true,&quot;preserveButtonSpace&quot;:true,&quot;buttons&quot;:{&quot;fullscreen&quot;:true,&quot;info&quot;:true,&quot;thumbs&quot;:false,&quot;download&quot;:false},&quot;video&quot;:{&quot;autoPlay&quot;:true}}\" style=\"--fg-title-line-clamp: 1; --fg-description-line-clamp: 2;\" >\n\t<div class=\"fg-item fg-type-image fg-idle\"><figure class=\"fg-item-inner\"><a href=\"https:\/\/extensao.ifg.edu.br\/pmmsc\/wp-content\/uploads\/sites\/24\/2022\/06\/WhatsApp-Image-2022-07-14-at-16.54.04.jpeg\" data-attachment-id=\"414\" data-type=\"image\" class=\"fg-thumb\"><span class=\"fg-image-wrap\"><img fetchpriority=\"high\" decoding=\"async\" width=\"270\" height=\"230\" class=\"skip-lazy fg-image\" data-src-fg=\"https:\/\/extensao.ifg.edu.br\/pmmsc\/wp-content\/uploads\/sites\/24\/cache\/2022\/06\/WhatsApp-Image-2022-07-14-at-16_54_04\/754430952.jpeg\" src=\"data:image\/svg+xml,%3Csvg%20xmlns%3D%22http%3A%2F%2Fwww.w3.org%2F2000%2Fsvg%22%20width%3D%22270%22%20height%3D%22230%22%20viewBox%3D%220%200%20270%20230%22%3E%3C%2Fsvg%3E\" loading=\"eager\"><\/span><span class=\"fg-image-overlay\"><\/span><\/a><\/figure><div class=\"fg-loader\"><\/div><\/div><div class=\"fg-item fg-type-image fg-idle\"><figure class=\"fg-item-inner\"><a href=\"https:\/\/extensao.ifg.edu.br\/pmmsc\/wp-content\/uploads\/sites\/24\/2022\/06\/WhatsApp-Image-2022-07-14-at-16.54.08.jpeg\" data-attachment-id=\"421\" data-type=\"image\" class=\"fg-thumb\"><span class=\"fg-image-wrap\"><img decoding=\"async\" width=\"270\" height=\"230\" class=\"skip-lazy fg-image\" data-src-fg=\"https:\/\/extensao.ifg.edu.br\/pmmsc\/wp-content\/uploads\/sites\/24\/cache\/2022\/06\/WhatsApp-Image-2022-07-14-at-16_54_08\/1609564068.jpeg\" src=\"data:image\/svg+xml,%3Csvg%20xmlns%3D%22http%3A%2F%2Fwww.w3.org%2F2000%2Fsvg%22%20width%3D%22270%22%20height%3D%22230%22%20viewBox%3D%220%200%20270%20230%22%3E%3C%2Fsvg%3E\" loading=\"eager\"><\/span><span class=\"fg-image-overlay\"><\/span><\/a><\/figure><div class=\"fg-loader\"><\/div><\/div><div class=\"fg-item fg-type-image fg-idle\"><figure class=\"fg-item-inner\"><a href=\"https:\/\/extensao.ifg.edu.br\/pmmsc\/wp-content\/uploads\/sites\/24\/2022\/06\/WhatsApp-Image-2022-07-14-at-16.54.05-1.jpeg\" data-attachment-id=\"415\" data-type=\"image\" class=\"fg-thumb\"><span class=\"fg-image-wrap\"><img decoding=\"async\" width=\"270\" height=\"230\" class=\"skip-lazy fg-image\" data-src-fg=\"https:\/\/extensao.ifg.edu.br\/pmmsc\/wp-content\/uploads\/sites\/24\/cache\/2022\/06\/WhatsApp-Image-2022-07-14-at-16_54_05-1\/631122287.jpeg\" src=\"data:image\/svg+xml,%3Csvg%20xmlns%3D%22http%3A%2F%2Fwww.w3.org%2F2000%2Fsvg%22%20width%3D%22270%22%20height%3D%22230%22%20viewBox%3D%220%200%20270%20230%22%3E%3C%2Fsvg%3E\" loading=\"eager\"><\/span><span class=\"fg-image-overlay\"><\/span><\/a><\/figure><div class=\"fg-loader\"><\/div><\/div><div class=\"fg-item fg-type-image fg-idle\"><figure class=\"fg-item-inner\"><a href=\"https:\/\/extensao.ifg.edu.br\/pmmsc\/wp-content\/uploads\/sites\/24\/2022\/06\/WhatsApp-Image-2022-07-14-at-16.54.06.jpeg\" data-attachment-id=\"418\" data-type=\"image\" class=\"fg-thumb\"><span class=\"fg-image-wrap\"><img decoding=\"async\" width=\"270\" height=\"230\" class=\"skip-lazy fg-image\" data-src-fg=\"https:\/\/extensao.ifg.edu.br\/pmmsc\/wp-content\/uploads\/sites\/24\/cache\/2022\/06\/WhatsApp-Image-2022-07-14-at-16_54_06\/135856415.jpeg\" src=\"data:image\/svg+xml,%3Csvg%20xmlns%3D%22http%3A%2F%2Fwww.w3.org%2F2000%2Fsvg%22%20width%3D%22270%22%20height%3D%22230%22%20viewBox%3D%220%200%20270%20230%22%3E%3C%2Fsvg%3E\" loading=\"eager\"><\/span><span class=\"fg-image-overlay\"><\/span><\/a><\/figure><div class=\"fg-loader\"><\/div><\/div><div class=\"fg-item fg-type-image fg-idle\"><figure class=\"fg-item-inner\"><a href=\"https:\/\/extensao.ifg.edu.br\/pmmsc\/wp-content\/uploads\/sites\/24\/2022\/06\/WhatsApp-Image-2022-07-14-at-16.54.07-1.jpeg\" data-attachment-id=\"419\" data-type=\"image\" class=\"fg-thumb\"><span class=\"fg-image-wrap\"><img decoding=\"async\" width=\"270\" height=\"230\" class=\"skip-lazy fg-image\" data-src-fg=\"https:\/\/extensao.ifg.edu.br\/pmmsc\/wp-content\/uploads\/sites\/24\/cache\/2022\/06\/WhatsApp-Image-2022-07-14-at-16_54_07-1\/1527556187.jpeg\" src=\"data:image\/svg+xml,%3Csvg%20xmlns%3D%22http%3A%2F%2Fwww.w3.org%2F2000%2Fsvg%22%20width%3D%22270%22%20height%3D%22230%22%20viewBox%3D%220%200%20270%20230%22%3E%3C%2Fsvg%3E\" loading=\"eager\"><\/span><span class=\"fg-image-overlay\"><\/span><\/a><\/figure><div class=\"fg-loader\"><\/div><\/div><div class=\"fg-item fg-type-image fg-idle\"><figure class=\"fg-item-inner\"><a href=\"https:\/\/extensao.ifg.edu.br\/pmmsc\/wp-content\/uploads\/sites\/24\/2022\/06\/WhatsApp-Image-2022-07-14-at-16.54.05.jpeg\" data-attachment-id=\"416\" data-type=\"image\" class=\"fg-thumb\"><span class=\"fg-image-wrap\"><img decoding=\"async\" width=\"270\" height=\"230\" class=\"skip-lazy fg-image\" data-src-fg=\"https:\/\/extensao.ifg.edu.br\/pmmsc\/wp-content\/uploads\/sites\/24\/cache\/2022\/06\/WhatsApp-Image-2022-07-14-at-16_54_05\/3576700828.jpeg\" src=\"data:image\/svg+xml,%3Csvg%20xmlns%3D%22http%3A%2F%2Fwww.w3.org%2F2000%2Fsvg%22%20width%3D%22270%22%20height%3D%22230%22%20viewBox%3D%220%200%20270%20230%22%3E%3C%2Fsvg%3E\" loading=\"eager\"><\/span><span class=\"fg-image-overlay\"><\/span><\/a><\/figure><div class=\"fg-loader\"><\/div><\/div><\/div>\n\n<p>Foi realizada no dia 07 de julho uma reuni\u00e3o com a SSPMU &#8211; Secretaria de Seguran\u00e7a P\u00fablica e Mobilidade Urbana de Senador Canedo, a arquiteta e urbanista, respons\u00e1vel pelo eixo Mobilidade na revis\u00e3o do Plano Diretor da cidade, Fernanda Mendon\u00e7a e a equipe t\u00e9cnica do IFG que est\u00e1 desenvolvendo o Plano de Mobilidade Urbana de Senador Canedo. Na ocasi\u00e3o foram apresentados os laborat\u00f3rios onde est\u00e3o sendo desenvolvidos os estudos bem como os alunos bolsistas que est\u00e3o trabalhando no plano de mobilidade. Nesse encontro tamb\u00e9m foram tra\u00e7adas estrat\u00e9gias para que o desenvolvimento do Plano Diretor e do Plano de Mobilidade estejam em constante sintonia.<br \/>\nNa ocasi\u00e3o as professoras &#8211; a equipe t\u00e9cnica do IFG &#8211; oficializaram a entrega da 1\u00ba Nota T\u00e9cnica, conforme estabelecido no plano de trabalho.<\/p>\n","protected":false},"excerpt":{"rendered":"<p>Foi realizada no dia 07 de julho uma reuni\u00e3o com a SSPMU &#8211; Secretaria de Seguran\u00e7a P\u00fablica e Mobilidade Urbana de Senador Canedo, a arquiteta e urbanista, respons\u00e1vel pelo eixo Mobilidade na revis\u00e3o do Plano Diretor da cidade, Fernanda Mendon\u00e7a e a equipe t\u00e9cnica do IFG que est\u00e1 desenvolvendo o Plano de Mobilidade Urbana de [&hellip;]<\/p>\n","protected":false},"author":99,"featured_media":0,"parent":94,"menu_order":0,"comment_status":"closed","ping_status":"closed","template":"","meta":{"_links_to":"","_links_to_type":0,"footnotes":""},"class_list":["post-536","page","type-page","status-publish","hentry"],"_links":{"self":[{"href":"https:\/\/extensao.ifg.edu.br\/pmmsc\/wp-json\/wp\/v2\/pages\/536"}],"collection":[{"href":"https:\/\/extensao.ifg.edu.br\/pmmsc\/wp-json\/wp\/v2\/pages"}],"about":[{"href":"https:\/\/extensao.ifg.edu.br\/pmmsc\/wp-json\/wp\/v2\/types\/page"}],"author":[{"embeddable":true,"href":"https:\/\/extensao.ifg.edu.br\/pmmsc\/wp-json\/wp\/v2\/users\/99"}],"replies":[{"embeddable":true,"href":"https:\/\/extensao.ifg.edu.br\/pmmsc\/wp-json\/wp\/v2\/comments?post=536"}],"version-history":[{"count":3,"href":"https:\/\/extensao.ifg.edu.br\/pmmsc\/wp-json\/wp\/v2\/pages\/536\/revisions"}],"predecessor-version":[{"id":543,"href":"https:\/\/extensao.ifg.edu.br\/pmmsc\/wp-json\/wp\/v2\/pages\/536\/revisions\/543"}],"up":[{"embeddable":true,"href":"https:\/\/extensao.ifg.edu.br\/pmmsc\/wp-json\/wp\/v2\/pages\/94"}],"wp:attachment":[{"href":"https:\/\/extensao.ifg.edu.br\/pmmsc\/wp-json\/wp\/v2\/media?parent=536"}],"curies":[{"name":"wp","href":"https:\/\/api.w.org\/{rel}","templated":true}]}}