{"id":522,"date":"2022-08-16T08:45:15","date_gmt":"2022-08-16T11:45:15","guid":{"rendered":"http:\/\/extensao.ifg.edu.br\/pmmsc\/?page_id=522"},"modified":"2022-08-16T08:57:00","modified_gmt":"2022-08-16T11:57:00","slug":"1o-audiencia-publica","status":"publish","type":"page","link":"https:\/\/extensao.ifg.edu.br\/pmmsc\/audiencias-publicas\/1o-audiencia-publica\/","title":{"rendered":"1\u00ba Audi\u00eancia P\u00fablica"},"content":{"rendered":"<p style=\"text-align: justify\">\n<style type=\"text\/css\">\n#foogallery-gallery-75 .fg-image { width: 270px; }\n#foogallery-gallery-75 { --fg-gutter: 10px; }<\/style>\n\t\t\t<div class=\"foogallery foogallery-container foogallery-default foogallery-lightbox-foogallery fg-center fg-default fg-ready fg-light fg-border-thin fg-shadow-medium fg-loading-default fg-loaded-fade-in fg-preset fg-brad fg-preset-small fg-preset fg-brad fg-preset-small\" id=\"foogallery-gallery-75\" data-foogallery=\"{&quot;panel&quot;:{&quot;buttons&quot;:{&quot;download&quot;:false}},&quot;item&quot;:{&quot;showCaptionTitle&quot;:true,&quot;showCaptionDescription&quot;:true},&quot;lazy&quot;:true}\" data-foogallery-lightbox=\"{&quot;thumbs&quot;:&quot;bottom&quot;,&quot;thumbsCaptions&quot;:false,&quot;thumbsBestFit&quot;:false,&quot;thumbsSmall&quot;:false,&quot;thumbsCaptionsAlign&quot;:&quot;default&quot;,&quot;info&quot;:&quot;bottom&quot;,&quot;infoVisible&quot;:true,&quot;infoOverlay&quot;:true,&quot;infoAlign&quot;:&quot;default&quot;,&quot;transition&quot;:&quot;fade&quot;,&quot;hoverButtons&quot;:false,&quot;fitMedia&quot;:false,&quot;noScrollbars&quot;:true,&quot;preserveButtonSpace&quot;:true,&quot;buttons&quot;:{&quot;fullscreen&quot;:true,&quot;info&quot;:true,&quot;thumbs&quot;:false,&quot;download&quot;:false},&quot;video&quot;:{&quot;autoPlay&quot;:true}}\" style=\"--fg-title-line-clamp: 1; --fg-description-line-clamp: 2;\" >\n\t<div class=\"fg-item fg-type-image fg-idle\"><figure class=\"fg-item-inner\"><a href=\"https:\/\/extensao.ifg.edu.br\/pmmsc\/wp-content\/uploads\/sites\/24\/2022\/06\/wht-12.jpeg\" data-attachment-id=\"57\" data-type=\"image\" class=\"fg-thumb\"><span class=\"fg-image-wrap\"><img fetchpriority=\"high\" decoding=\"async\" width=\"270\" height=\"230\" class=\"skip-lazy fg-image\" data-src-fg=\"https:\/\/extensao.ifg.edu.br\/pmmsc\/wp-content\/uploads\/sites\/24\/cache\/2022\/06\/wht-12\/1034986245.jpeg\" src=\"data:image\/svg+xml,%3Csvg%20xmlns%3D%22http%3A%2F%2Fwww.w3.org%2F2000%2Fsvg%22%20width%3D%22270%22%20height%3D%22230%22%20viewBox%3D%220%200%20270%20230%22%3E%3C%2Fsvg%3E\" loading=\"eager\"><\/span><span class=\"fg-image-overlay\"><\/span><\/a><\/figure><div class=\"fg-loader\"><\/div><\/div><div class=\"fg-item fg-type-image fg-idle\"><figure class=\"fg-item-inner\"><a href=\"https:\/\/extensao.ifg.edu.br\/pmmsc\/wp-content\/uploads\/sites\/24\/2022\/06\/wht-8.jpeg\" data-attachment-id=\"53\" data-type=\"image\" class=\"fg-thumb\"><span class=\"fg-image-wrap\"><img decoding=\"async\" width=\"270\" height=\"230\" class=\"skip-lazy fg-image\" data-src-fg=\"https:\/\/extensao.ifg.edu.br\/pmmsc\/wp-content\/uploads\/sites\/24\/cache\/2022\/06\/wht-8\/4032748644.jpeg\" src=\"data:image\/svg+xml,%3Csvg%20xmlns%3D%22http%3A%2F%2Fwww.w3.org%2F2000%2Fsvg%22%20width%3D%22270%22%20height%3D%22230%22%20viewBox%3D%220%200%20270%20230%22%3E%3C%2Fsvg%3E\" loading=\"eager\"><\/span><span class=\"fg-image-overlay\"><\/span><\/a><\/figure><div class=\"fg-loader\"><\/div><\/div><div class=\"fg-item fg-type-image fg-idle\"><figure class=\"fg-item-inner\"><a href=\"https:\/\/extensao.ifg.edu.br\/pmmsc\/wp-content\/uploads\/sites\/24\/2022\/06\/wht-4.jpeg\" data-attachment-id=\"49\" data-type=\"image\" class=\"fg-thumb\"><span class=\"fg-image-wrap\"><img decoding=\"async\" width=\"270\" height=\"230\" class=\"skip-lazy fg-image\" data-src-fg=\"https:\/\/extensao.ifg.edu.br\/pmmsc\/wp-content\/uploads\/sites\/24\/cache\/2022\/06\/wht-4\/3695128246.jpeg\" src=\"data:image\/svg+xml,%3Csvg%20xmlns%3D%22http%3A%2F%2Fwww.w3.org%2F2000%2Fsvg%22%20width%3D%22270%22%20height%3D%22230%22%20viewBox%3D%220%200%20270%20230%22%3E%3C%2Fsvg%3E\" loading=\"eager\"><\/span><span class=\"fg-image-overlay\"><\/span><\/a><\/figure><div class=\"fg-loader\"><\/div><\/div><div class=\"fg-item fg-type-image fg-idle\"><figure class=\"fg-item-inner\"><a href=\"https:\/\/extensao.ifg.edu.br\/pmmsc\/wp-content\/uploads\/sites\/24\/2022\/06\/wht-10.jpeg\" data-attachment-id=\"55\" data-type=\"image\" class=\"fg-thumb\"><span class=\"fg-image-wrap\"><img decoding=\"async\" width=\"270\" height=\"230\" class=\"skip-lazy fg-image\" data-src-fg=\"https:\/\/extensao.ifg.edu.br\/pmmsc\/wp-content\/uploads\/sites\/24\/cache\/2022\/06\/wht-10\/2313478468.jpeg\" src=\"data:image\/svg+xml,%3Csvg%20xmlns%3D%22http%3A%2F%2Fwww.w3.org%2F2000%2Fsvg%22%20width%3D%22270%22%20height%3D%22230%22%20viewBox%3D%220%200%20270%20230%22%3E%3C%2Fsvg%3E\" loading=\"eager\"><\/span><span class=\"fg-image-overlay\"><\/span><\/a><\/figure><div class=\"fg-loader\"><\/div><\/div><div class=\"fg-item fg-type-image fg-idle\"><figure class=\"fg-item-inner\"><a href=\"https:\/\/extensao.ifg.edu.br\/pmmsc\/wp-content\/uploads\/sites\/24\/2022\/06\/wht-5.jpeg\" data-attachment-id=\"50\" data-type=\"image\" class=\"fg-thumb\"><span class=\"fg-image-wrap\"><img decoding=\"async\" width=\"270\" height=\"230\" class=\"skip-lazy fg-image\" data-src-fg=\"https:\/\/extensao.ifg.edu.br\/pmmsc\/wp-content\/uploads\/sites\/24\/cache\/2022\/06\/wht-5\/4288442706.jpeg\" src=\"data:image\/svg+xml,%3Csvg%20xmlns%3D%22http%3A%2F%2Fwww.w3.org%2F2000%2Fsvg%22%20width%3D%22270%22%20height%3D%22230%22%20viewBox%3D%220%200%20270%20230%22%3E%3C%2Fsvg%3E\" loading=\"eager\"><\/span><span class=\"fg-image-overlay\"><\/span><\/a><\/figure><div class=\"fg-loader\"><\/div><\/div><div class=\"fg-item fg-type-image fg-idle\"><figure class=\"fg-item-inner\"><a href=\"https:\/\/extensao.ifg.edu.br\/pmmsc\/wp-content\/uploads\/sites\/24\/2022\/06\/wht-9.jpeg\" data-attachment-id=\"54\" data-type=\"image\" class=\"fg-thumb\"><span class=\"fg-image-wrap\"><img decoding=\"async\" width=\"270\" height=\"230\" class=\"skip-lazy fg-image\" data-src-fg=\"https:\/\/extensao.ifg.edu.br\/pmmsc\/wp-content\/uploads\/sites\/24\/cache\/2022\/06\/wht-9\/572154180.jpeg\" src=\"data:image\/svg+xml,%3Csvg%20xmlns%3D%22http%3A%2F%2Fwww.w3.org%2F2000%2Fsvg%22%20width%3D%22270%22%20height%3D%22230%22%20viewBox%3D%220%200%20270%20230%22%3E%3C%2Fsvg%3E\" loading=\"eager\"><\/span><span class=\"fg-image-overlay\"><\/span><\/a><\/figure><div class=\"fg-loader\"><\/div><\/div><div class=\"fg-item fg-type-image fg-idle\"><figure class=\"fg-item-inner\"><a href=\"https:\/\/extensao.ifg.edu.br\/pmmsc\/wp-content\/uploads\/sites\/24\/2022\/06\/wht-3.jpeg\" data-attachment-id=\"48\" data-type=\"image\" class=\"fg-thumb\"><span class=\"fg-image-wrap\"><img decoding=\"async\" width=\"270\" height=\"230\" class=\"skip-lazy fg-image\" data-src-fg=\"https:\/\/extensao.ifg.edu.br\/pmmsc\/wp-content\/uploads\/sites\/24\/cache\/2022\/06\/wht-3\/1527412895.jpeg\" src=\"data:image\/svg+xml,%3Csvg%20xmlns%3D%22http%3A%2F%2Fwww.w3.org%2F2000%2Fsvg%22%20width%3D%22270%22%20height%3D%22230%22%20viewBox%3D%220%200%20270%20230%22%3E%3C%2Fsvg%3E\" loading=\"eager\"><\/span><span class=\"fg-image-overlay\"><\/span><\/a><\/figure><div class=\"fg-loader\"><\/div><\/div><div class=\"fg-item fg-type-image fg-idle\"><figure class=\"fg-item-inner\"><a href=\"https:\/\/extensao.ifg.edu.br\/pmmsc\/wp-content\/uploads\/sites\/24\/2022\/06\/wht-1.jpeg\" data-attachment-id=\"46\" data-type=\"image\" class=\"fg-thumb\"><span class=\"fg-image-wrap\"><img decoding=\"async\" width=\"270\" height=\"230\" class=\"skip-lazy fg-image\" data-src-fg=\"https:\/\/extensao.ifg.edu.br\/pmmsc\/wp-content\/uploads\/sites\/24\/cache\/2022\/06\/wht-1\/619840670.jpeg\" src=\"data:image\/svg+xml,%3Csvg%20xmlns%3D%22http%3A%2F%2Fwww.w3.org%2F2000%2Fsvg%22%20width%3D%22270%22%20height%3D%22230%22%20viewBox%3D%220%200%20270%20230%22%3E%3C%2Fsvg%3E\" loading=\"eager\"><\/span><span class=\"fg-image-overlay\"><\/span><\/a><\/figure><div class=\"fg-loader\"><\/div><\/div><div class=\"fg-item fg-type-image fg-idle\"><figure class=\"fg-item-inner\"><a href=\"https:\/\/extensao.ifg.edu.br\/pmmsc\/wp-content\/uploads\/sites\/24\/2022\/06\/wht-6.jpeg\" data-attachment-id=\"51\" data-type=\"image\" class=\"fg-thumb\"><span class=\"fg-image-wrap\"><img decoding=\"async\" width=\"270\" height=\"230\" class=\"skip-lazy fg-image\" data-src-fg=\"https:\/\/extensao.ifg.edu.br\/pmmsc\/wp-content\/uploads\/sites\/24\/cache\/2022\/06\/wht-6\/625309303.jpeg\" src=\"data:image\/svg+xml,%3Csvg%20xmlns%3D%22http%3A%2F%2Fwww.w3.org%2F2000%2Fsvg%22%20width%3D%22270%22%20height%3D%22230%22%20viewBox%3D%220%200%20270%20230%22%3E%3C%2Fsvg%3E\" loading=\"eager\"><\/span><span class=\"fg-image-overlay\"><\/span><\/a><\/figure><div class=\"fg-loader\"><\/div><\/div><\/div>\n\n<p style=\"text-align: justify\">Foi realizada no dia 4 de maio de 2022, na C\u00e2mara Municipal de Senador Canedo, com o objetivo de apresentar os trabalhos que ser\u00e3o executados ao longo do processo do primeiro Plano de Mobilidade Urbana da cidade e teve tamb\u00e9m \u00eanfase na coleta de contribui\u00e7\u00f5es dos participantes (comunidade) com o intuito de embasar as investiga\u00e7\u00f5es que ser\u00e3o feitas pela equipe t\u00e9cnica sobre os problemas da mobilidade local, realizada ainda na fase inicial do PlanMob.<\/p>\n<p style=\"text-align: justify\">Estiveram presentes na ocasi\u00e3o o Secret\u00e1rio Municipal de Seguran\u00e7a Publica e Mobilidade (SSPMU), Coronel F\u00e1bio Ramos; o Superintendente Municipal de Tr\u00e2nsito (SMT), Arisberto Pereira; a professora do\u00a0 Instituto Federal de Goi\u00e1s &#8211; C\u00e2mpus Goi\u00e2nia (IFG)\u00a0 e coordenadora do projeto, Luciana Ara\u00fajo Azevedo, que exp\u00f4s como se dar\u00e3o as etapas do plano, e que esteve acompanhada de outras professoras do IFG \u2013 C\u00e2mpus Goi\u00e2nia; o vereador Daniel Cardoso, representando a Casa de Leis; a presidente de Instituto de Previd\u00eancia do Servidor P\u00fablico (Senaprev), Ana Maria Emos; o Coordenador de Defesa Civil, Adriano Barcelos; al\u00e9m da imprensa local, de empres\u00e1rios, representante do Conselho de Direitos Humanos e da comunidade em geral, que levantaram na discuss\u00e3o pontos de suma import\u00e2ncia referentes a mobilidade da cidade.<\/p>\n","protected":false},"excerpt":{"rendered":"<p>Foi realizada no dia 4 de maio de 2022, na C\u00e2mara Municipal de Senador Canedo, com o objetivo de apresentar os trabalhos que ser\u00e3o executados ao longo do processo do primeiro Plano de Mobilidade Urbana da cidade e teve tamb\u00e9m \u00eanfase na coleta de contribui\u00e7\u00f5es dos participantes (comunidade) com o intuito de embasar as investiga\u00e7\u00f5es [&hellip;]<\/p>\n","protected":false},"author":100,"featured_media":0,"parent":88,"menu_order":0,"comment_status":"closed","ping_status":"closed","template":"","meta":{"_links_to":"","_links_to_type":0,"footnotes":""},"class_list":["post-522","page","type-page","status-publish","hentry"],"_links":{"self":[{"href":"https:\/\/extensao.ifg.edu.br\/pmmsc\/wp-json\/wp\/v2\/pages\/522"}],"collection":[{"href":"https:\/\/extensao.ifg.edu.br\/pmmsc\/wp-json\/wp\/v2\/pages"}],"about":[{"href":"https:\/\/extensao.ifg.edu.br\/pmmsc\/wp-json\/wp\/v2\/types\/page"}],"author":[{"embeddable":true,"href":"https:\/\/extensao.ifg.edu.br\/pmmsc\/wp-json\/wp\/v2\/users\/100"}],"replies":[{"embeddable":true,"href":"https:\/\/extensao.ifg.edu.br\/pmmsc\/wp-json\/wp\/v2\/comments?post=522"}],"version-history":[{"count":4,"href":"https:\/\/extensao.ifg.edu.br\/pmmsc\/wp-json\/wp\/v2\/pages\/522\/revisions"}],"predecessor-version":[{"id":531,"href":"https:\/\/extensao.ifg.edu.br\/pmmsc\/wp-json\/wp\/v2\/pages\/522\/revisions\/531"}],"up":[{"embeddable":true,"href":"https:\/\/extensao.ifg.edu.br\/pmmsc\/wp-json\/wp\/v2\/pages\/88"}],"wp:attachment":[{"href":"https:\/\/extensao.ifg.edu.br\/pmmsc\/wp-json\/wp\/v2\/media?parent=522"}],"curies":[{"name":"wp","href":"https:\/\/api.w.org\/{rel}","templated":true}]}}