{"id":281,"date":"2025-09-13T12:09:17","date_gmt":"2025-09-13T15:09:17","guid":{"rendered":"https:\/\/extensao.ifg.edu.br\/futurodigital\/?page_id=281"},"modified":"2025-09-13T12:12:44","modified_gmt":"2025-09-13T15:12:44","slug":"projeto-integrador","status":"publish","type":"page","link":"https:\/\/extensao.ifg.edu.br\/futurodigital\/projeto-integrador\/","title":{"rendered":"Projeto Integrador"},"content":{"rendered":"\n<p data-start=\"288\" data-end=\"603\">O <strong data-start=\"290\" data-end=\"312\">Projeto Integrador<\/strong> \u00e9 uma etapa pr\u00e1tica e essencial da forma\u00e7\u00e3o do <strong data-start=\"360\" data-end=\"384\">Bolsa Futuro Digital<\/strong>.<br data-start=\"385\" data-end=\"388\" \/>Seu objetivo \u00e9 aproximar estudantes e empresas por meio do desenvolvimento de <strong data-start=\"466\" data-end=\"498\">solu\u00e7\u00f5es para desafios reais<\/strong> do mercado, estimulando a aplica\u00e7\u00e3o dos conhecimentos adquiridos em sala de aula em situa\u00e7\u00f5es concretas.<\/p>\n<p data-start=\"605\" data-end=\"858\">Por meio do Projeto Integrador, os estudantes trabalham em equipes, simulando o ambiente profissional, enquanto as empresas parceiras t\u00eam a oportunidade de ver seus problemas transformados em solu\u00e7\u00f5es inovadoras, al\u00e9m de identificar potenciais talentos.<\/p>\n<p data-start=\"605\" data-end=\"858\">V\u00eddeo explicativo:<\/p>\n\n\n\n<figure class=\"wp-block-embed is-type-video is-provider-youtube wp-block-embed-youtube wp-embed-aspect-16-9 wp-has-aspect-ratio\"><div class=\"wp-block-embed__wrapper\">\n<iframe loading=\"lazy\" title=\"O que \u00e9 o projeto integrador? (BFD)\" width=\"500\" height=\"281\" src=\"https:\/\/www.youtube.com\/embed\/CIXrnTbKHW0?feature=oembed\" frameborder=\"0\" allow=\"accelerometer; autoplay; clipboard-write; encrypted-media; gyroscope; picture-in-picture; web-share\" referrerpolicy=\"strict-origin-when-cross-origin\" allowfullscreen><\/iframe>\n<\/div><\/figure>\n\n\n\n<p><\/p>\n\n\n\n<hr class=\"wp-block-separator has-alpha-channel-opacity\"\/>\n\n\n\n\n\n<h2 data-start=\"923\" data-end=\"949\">Para Empresas Parceiras<\/h2>\n<p data-start=\"951\" data-end=\"1243\">As empresas interessadas em participar podem cadastrar seus desafios para serem trabalhados pelas equipes de alunos.<br data-start=\"1067\" data-end=\"1070\" \/>Esse processo garante benef\u00edcios como <strong data-start=\"1108\" data-end=\"1191\">visibilidade institucional, contribui\u00e7\u00e3o para a forma\u00e7\u00e3o de novos profissionais<\/strong> e acesso a solu\u00e7\u00f5es inovadoras para demandas reais.<\/p>\n<p data-start=\"1245\" data-end=\"1379\">\ud83d\udd17 <strong data-start=\"1248\" data-end=\"1285\">Cadastro da Empresa e do Desafio: <a href=\"https:\/\/bfd.softexpe.org.br\/integrative_project\" target=\"_blank\" rel=\"noopener\">https:\/\/bfd.softexpe.org.br\/integrative_project<\/a><\/strong><br data-start=\"1306\" data-end=\"1309\" \/>\ud83d\udcfd\ufe0f <strong data-start=\"1313\" data-end=\"1349\">Tutorial em v\u00eddeo para cadastro:<\/strong><\/p>\n\n\n\n<figure class=\"wp-block-embed is-type-video is-provider-youtube wp-block-embed-youtube wp-embed-aspect-16-9 wp-has-aspect-ratio\"><div class=\"wp-block-embed__wrapper\">\n<iframe loading=\"lazy\" title=\"Como cadastrar o Projeto Integrador? (BFD)\" width=\"500\" height=\"281\" src=\"https:\/\/www.youtube.com\/embed\/EunBRehe8g8?feature=oembed\" frameborder=\"0\" allow=\"accelerometer; autoplay; clipboard-write; encrypted-media; gyroscope; picture-in-picture; web-share\" referrerpolicy=\"strict-origin-when-cross-origin\" allowfullscreen><\/iframe>\n<\/div><\/figure>\n\n\n\n\n\n<hr class=\"wp-block-separator has-alpha-channel-opacity\"\/>\n\n\n\n<h2 class=\"wp-block-heading\">Cronograma do Projeto Integrador<\/h2>\n\n\n\n<figure class=\"wp-block-table\"><table class=\"has-fixed-layout\"><thead><tr><th>Etapa<\/th><th>Descri\u00e7\u00e3o<\/th><th>Datas Previstas<\/th><\/tr><\/thead><tbody><tr><td><strong>Mobiliza\u00e7\u00e3o das empresas<\/strong><\/td><td>Contato com organiza\u00e7\u00f5es interessadas, apresenta\u00e7\u00e3o da proposta e motiva\u00e7\u00e3o para submiss\u00e3o de desafios.<\/td><td>01\/09 a 12\/09<\/td><\/tr><tr><td><strong>Cadastro das empresas<\/strong><\/td><td>Registro oficial de participa\u00e7\u00e3o, alinhamento de expectativas e confirma\u00e7\u00e3o do papel da empresa.<\/td><td>15\/09 a 26\/09<\/td><\/tr><tr><td><strong>Sele\u00e7\u00e3o dos desafios (1\u00aa etapa)<\/strong><\/td><td>Coleta e pr\u00e9-sele\u00e7\u00e3o das propostas enviadas pelas empresas, garantindo relev\u00e2ncia e viabilidade.<\/td><td>29\/09 a 01\/10<\/td><\/tr><tr><td><strong>F\u00f3rum de detalhamento e ideias (curadoria)<\/strong><\/td><td>Refinamento das propostas junto \u00e0s empresas, ajustando escopo e requisitos.<\/td><td>02\/10 a 06\/10<\/td><\/tr><tr><td><strong>Avalia\u00e7\u00e3o das ideias pelos professores<\/strong><\/td><td>An\u00e1lise t\u00e9cnica e pedag\u00f3gica dos desafios para assegurar alinhamento com os objetivos do curso.<\/td><td>07\/10 a 13\/10<\/td><\/tr><tr><td><strong>Divulga\u00e7\u00e3o da lista de desafios<\/strong><\/td><td>Comunica\u00e7\u00e3o oficial dos desafios e empresas selecionadas para o Projeto Integrador.<\/td><td>14\/10 e 15\/10<\/td><\/tr><tr><td><strong>Assinatura do Termo de Coopera\u00e7\u00e3o<\/strong><\/td><td>Formaliza\u00e7\u00e3o da parceria entre empresas e o programa.<\/td><td>16\/10 e 17\/10<\/td><\/tr><tr><td><strong>In\u00edcio do desenvolvimento dos projetos<\/strong><\/td><td>Estudantes iniciam o trabalho pr\u00e1tico nos desafios selecionados.<\/td><td>20\/10\/2025<\/td><\/tr><\/tbody><\/table><\/figure>\n","protected":false},"excerpt":{"rendered":"<p>O Projeto Integrador \u00e9 uma etapa pr\u00e1tica e essencial da forma\u00e7\u00e3o do Bolsa Futuro Digital.Seu objetivo \u00e9 aproximar estudantes e empresas por meio do desenvolvimento de solu\u00e7\u00f5es para desafios reais do mercado, estimulando a aplica\u00e7\u00e3o dos conhecimentos adquiridos em sala de aula em situa\u00e7\u00f5es concretas. Por meio do Projeto Integrador, os estudantes trabalham em equipes, [&hellip;]<\/p>\n","protected":false},"author":3,"featured_media":0,"parent":0,"menu_order":0,"comment_status":"closed","ping_status":"closed","template":"","meta":{"site-sidebar-layout":"default","site-content-layout":"","ast-site-content-layout":"default","site-content-style":"default","site-sidebar-style":"default","ast-global-header-display":"","ast-banner-title-visibility":"","ast-main-header-display":"","ast-hfb-above-header-display":"","ast-hfb-below-header-display":"","ast-hfb-mobile-header-display":"","site-post-title":"","ast-breadcrumbs-content":"","ast-featured-img":"","footer-sml-layout":"","ast-disable-related-posts":"","theme-transparent-header-meta":"","adv-header-id-meta":"","stick-header-meta":"","header-above-stick-meta":"","header-main-stick-meta":"","header-below-stick-meta":"","astra-migrate-meta-layouts":"default","ast-page-background-enabled":"default","ast-page-background-meta":{"desktop":{"background-color":"var(--ast-global-color-5)","background-image":"","background-repeat":"repeat","background-position":"center center","background-size":"auto","background-attachment":"scroll","background-type":"","background-media":"","overlay-type":"","overlay-color":"","overlay-opacity":"","overlay-gradient":""},"tablet":{"background-color":"","background-image":"","background-repeat":"repeat","background-position":"center center","background-size":"auto","background-attachment":"scroll","background-type":"","background-media":"","overlay-type":"","overlay-color":"","overlay-opacity":"","overlay-gradient":""},"mobile":{"background-color":"","background-image":"","background-repeat":"repeat","background-position":"center center","background-size":"auto","background-attachment":"scroll","background-type":"","background-media":"","overlay-type":"","overlay-color":"","overlay-opacity":"","overlay-gradient":""}},"ast-content-background-meta":{"desktop":{"background-color":"var(--ast-global-color-4)","background-image":"","background-repeat":"repeat","background-position":"center center","background-size":"auto","background-attachment":"scroll","background-type":"","background-media":"","overlay-type":"","overlay-color":"","overlay-opacity":"","overlay-gradient":""},"tablet":{"background-color":"var(--ast-global-color-4)","background-image":"","background-repeat":"repeat","background-position":"center center","background-size":"auto","background-attachment":"scroll","background-type":"","background-media":"","overlay-type":"","overlay-color":"","overlay-opacity":"","overlay-gradient":""},"mobile":{"background-color":"var(--ast-global-color-4)","background-image":"","background-repeat":"repeat","background-position":"center center","background-size":"auto","background-attachment":"scroll","background-type":"","background-media":"","overlay-type":"","overlay-color":"","overlay-opacity":"","overlay-gradient":""}},"_links_to":"","_links_to_type":0,"footnotes":""},"class_list":["post-281","page","type-page","status-publish","hentry"],"_links":{"self":[{"href":"https:\/\/extensao.ifg.edu.br\/futurodigital\/wp-json\/wp\/v2\/pages\/281"}],"collection":[{"href":"https:\/\/extensao.ifg.edu.br\/futurodigital\/wp-json\/wp\/v2\/pages"}],"about":[{"href":"https:\/\/extensao.ifg.edu.br\/futurodigital\/wp-json\/wp\/v2\/types\/page"}],"author":[{"embeddable":true,"href":"https:\/\/extensao.ifg.edu.br\/futurodigital\/wp-json\/wp\/v2\/users\/3"}],"replies":[{"embeddable":true,"href":"https:\/\/extensao.ifg.edu.br\/futurodigital\/wp-json\/wp\/v2\/comments?post=281"}],"version-history":[{"count":3,"href":"https:\/\/extensao.ifg.edu.br\/futurodigital\/wp-json\/wp\/v2\/pages\/281\/revisions"}],"predecessor-version":[{"id":286,"href":"https:\/\/extensao.ifg.edu.br\/futurodigital\/wp-json\/wp\/v2\/pages\/281\/revisions\/286"}],"wp:attachment":[{"href":"https:\/\/extensao.ifg.edu.br\/futurodigital\/wp-json\/wp\/v2\/media?parent=281"}],"curies":[{"name":"wp","href":"https:\/\/api.w.org\/{rel}","templated":true}]}}