{"id":20,"date":"2024-06-20T17:37:11","date_gmt":"2024-06-20T20:37:11","guid":{"rendered":"http:\/\/extensao.ifg.edu.br\/futurodigital\/?page_id=20"},"modified":"2025-09-13T10:21:49","modified_gmt":"2025-09-13T13:21:49","slug":"editais-estudantes","status":"publish","type":"page","link":"https:\/\/extensao.ifg.edu.br\/futurodigital\/editais-estudantes\/","title":{"rendered":"Processos Seletivos &#8211; Estudantes"},"content":{"rendered":"\n<p>Acompanhe abaixo todas as publica\u00e7\u00f5es e etapas dos processos seletivos do programa Bolsa Futuro Digital em Goi\u00e1s.<\/p>\n\n\n\n<hr class=\"wp-block-separator has-alpha-channel-opacity\"\/>\n\n\n\n<h3 class=\"wp-block-heading\">\ud83d\udcd8 1\u00ba Ciclo de Forma\u00e7\u00e3o \u2013 Processo Seletivo 2025.1<\/h3>\n\n\n\n<p><em>(Turmas com in\u00edcio previsto em agosto de 2025)<\/em><\/p>\n\n\n\n<h4 class=\"wp-block-heading\">\ud83d\udcc4 Publica\u00e7\u00f5es<\/h4>\n\n\n\n<ul class=\"wp-block-list\">\n<li><p data-start=\"504\" data-end=\"653\"><strong data-start=\"504\" data-end=\"557\"><a class=\"cursor-pointer\" data-start=\"506\" data-end=\"555\" href=\"https:\/\/publicfilessoftex.s3.us-east-1.amazonaws.com\/Edital_Programa+Bolsa+Futuro+Digital_23-05.pdf\" target=\"_blank\" rel=\"noopener\">23\/05\/2025 &#8211; Edital de Sele\u00e7\u00e3o (PDF)<\/a><\/strong><br><em>Publica\u00e7\u00e3o oficial com todas as regras, requisitos, etapas e cronograma do processo seletivo.<\/em><\/p><br><\/li>\n\n\n\n<li><p data-start=\"504\" data-end=\"653\"><strong data-start=\"657\" data-end=\"771\"><a class=\"\" data-start=\"659\" data-end=\"769\" href=\"http:\/\/bfd.softexpe.org.br\/teste\/resultado\" target=\"_blank\" rel=\"noopener\">12\/05\/2025 &#8211; Resultado do Teste de L\u00f3gica<\/a><\/strong><br><em>Lista dos candidatos classificados para a etapa do v\u00eddeo de apresenta\u00e7\u00e3o<\/em>.<\/p><br><\/li>\n\n\n\n<li><p data-start=\"657\" data-end=\"847\"><strong><a href=\"https:\/\/extensao.ifg.edu.br\/futurodigital\/2025\/06\/13\/etapa-final-da-selecao-envio-do-video-de-apresentacao\/\">12\/05\/2025 &#8211; Envio do V\u00eddeo<\/a><\/strong><br><em>Orienta\u00e7\u00f5es para o envio do v\u00eddeo de apresenta\u00e7\u00e3o<\/em><\/p><br><\/li>\n\n\n\n<li><p data-start=\"657\" data-end=\"847\"><a href=\"https:\/\/extensao.ifg.edu.br\/futurodigital\/2025\/06\/17\/prorrogado-o-prazo-para-envio-do-video-bolsa-futuro-digital\/\"><strong>17\/06\/2025 &#8211; Prorroga\u00e7\u00e3o do prazo para envio do v\u00eddeo<\/strong><\/a><\/p><br><\/li>\n\n\n\n<li><a href=\"https:\/\/extensao.ifg.edu.br\/futurodigital\/2025\/06\/23\/cronograma-atualizado-do-bolsa-futuro-digital-fique-atento-as-novas-datas\/\" data-type=\"link\" data-id=\"https:\/\/extensao.ifg.edu.br\/futurodigital\/2025\/06\/23\/cronograma-atualizado-do-bolsa-futuro-digital-fique-atento-as-novas-datas\/\"><strong>23\/06\/2025 &#8211; Atualiza\u00e7\u00e3o do cronograma do processo<\/strong><\/a><br><br><\/li>\n\n\n\n<li><a href=\"https:\/\/extensao.ifg.edu.br\/futurodigital\/2025\/07\/07\/resultado-final-da-selecao-convocacao-para-matriculas\/\" data-type=\"link\" data-id=\"https:\/\/extensao.ifg.edu.br\/futurodigital\/2025\/07\/07\/resultado-final-da-selecao-convocacao-para-matriculas\/\"><strong>07\/07\/2025 &#8211; Resultado final &#8211; Convoca\u00e7\u00e3o para as Matr\u00edculas<\/strong><\/a><br><br><\/li>\n<\/ul>\n\n\n\n<h4>\ud83d\udcc6 Cronograma<\/h4>\n\n\n\n<figure class=\"wp-block-table\"><table class=\"has-fixed-layout\"><thead><tr><th>Etapa<\/th><th>Data<\/th><\/tr><\/thead><tbody><tr><td>Inscri\u00e7\u00f5es<\/td><td>23\/05 a 08\/06\/2025<\/td><\/tr><tr><td>Teste de L\u00f3gica<\/td><td>09\/06 a 11\/06\/2025<\/td><\/tr><tr><td>Envio do V\u00eddeo<\/td><td>12\/06 a 20\/06\/2025<\/td><\/tr><tr><td>Per\u00edodo de avalia\u00e7\u00e3o dos v\u00eddeos<\/td><td>21 a 25\/06\/2025<\/td><\/tr><tr><td>Remanejamento dos classificados no teste de l\u00f3gica (se houver vagas n\u00e3o preenchidas)<\/td><td>26\/06\/2025<\/td><\/tr><tr><td>Envio do v\u00eddeo pelos remanejados (se houver)<\/td><td>27 a 29\/06\/2025<\/td><\/tr><tr><td>Avalia\u00e7\u00e3o dos v\u00eddeos dos remanejados (se houver)<\/td><td>30\/06 a 02\/07\/2025<\/td><\/tr><tr><td>Resultado Final<\/td><td><s>24\/06\/2025<\/s> \u2192 <strong>07\/07\/2025<\/strong><\/td><\/tr><tr><td>Divulga\u00e7\u00e3o dos locais de matr\u00edcula<\/td><td><strong>07\/07\/2025<\/strong><\/td><\/tr><tr><td>Matr\u00edcula (1\u00aa chamada)<\/td><td><s>26, 27 e 30\/06\/2025<\/s> \u2192 <strong>09 a 11\/07\/2025<\/strong><\/td><\/tr><tr><td>Remanejamento da lista de reserva<\/td><td>14 e 15\/07\/2025<\/td><\/tr><tr><td>Matr\u00edcula dos remanejados<\/td><td>16 e 17\/07\/2025<\/td><\/tr><tr><td>Homologa\u00e7\u00e3o das turmas<\/td><td>19\/07\/2025<\/td><\/tr><tr><td>Aula Inaugural<\/td><td><s>Entre 01 e 04\/07\/2025<\/s> \u2192 <strong>01\/08\/2025<\/strong><\/td><\/tr><tr><td>In\u00edcio das Aulas<\/td><td><s>07\/07\/2025<\/s> \u2192 <strong>04\/08\/2025<\/strong><\/td><\/tr><\/tbody><\/table><\/figure>\n\n\n\n\n\n\n\n<h4>\ud83d\udccc Vagas<\/h4>\n<p>S\u00e3o ofertadas <strong data-start=\"151\" data-end=\"164\">180 vagas<\/strong> no estado de Goi\u00e1s neste primeiro ciclo de forma\u00e7\u00e3o, com <strong data-start=\"189\" data-end=\"255\">aulas presenciais no Instituto Federal de Goi\u00e1s \u2013 IFG Reitoria<\/strong> (Laborat\u00f3rio de Inform\u00e1tica da Diretoria de Educa\u00e7\u00e3o a Dist\u00e2ncia), localizado na Rua C-198, Quadra 500, Jardim Am\u00e9rica, Goi\u00e2nia \u2013 GO, CEP 74270-040.<\/p>\n\n\n\n<figure class=\"wp-block-table\"><table class=\"has-fixed-layout\"><thead><tr><th>Turma<\/th><th>Trilha<\/th><th>Dias<\/th><th>Hor\u00e1rio<\/th><th>Vagas<\/th><\/tr><\/thead><tbody><tr><td>01<\/td><td>Back-End com JavaScript<\/td><td>Segunda e Quarta<\/td><td>9h \u00e0s 12h<\/td><td>30<\/td><\/tr><tr><td>02<\/td><td>Front-End com React<\/td><td>Segunda e Quarta<\/td><td>14h \u00e0s 17h<\/td><td>30<\/td><\/tr><tr><td>03<\/td><td>Back-End com Python<\/td><td>Segunda e Quarta<\/td><td>18h \u00e0s 21h<\/td><td>30<\/td><\/tr><tr><td>04<\/td><td>Back-End com Javascript<\/td><td>Ter\u00e7a e Quinta<\/td><td>9h \u00e0s 12h<\/td><td>30<\/td><\/tr><tr><td>05<\/td><td>Back-End com Python<\/td><td>Ter\u00e7a e Quinta<\/td><td>14h \u00e0s 17h<\/td><td>30<\/td><\/tr><tr><td>06<\/td><td>Back-End com JavaScript<\/td><td>Ter\u00e7a e Quinta<\/td><td>18h \u00e0s 21h<\/td><td>30<\/td><\/tr><\/tbody><\/table><figcaption class=\"wp-element-caption\"><sup>*turma 4 alterada de Ruby para Javascript<\/sup><\/figcaption><\/figure>\n","protected":false},"excerpt":{"rendered":"<p>Acompanhe abaixo todas as publica\u00e7\u00f5es e etapas dos processos seletivos do programa Bolsa Futuro Digital em Goi\u00e1s. \ud83d\udcd8 1\u00ba Ciclo de Forma\u00e7\u00e3o \u2013 Processo Seletivo 2025.1 (Turmas com in\u00edcio previsto em agosto de 2025) \ud83d\udcc4 Publica\u00e7\u00f5es \ud83d\udcc6 Cronograma Etapa Data Inscri\u00e7\u00f5es 23\/05 a 08\/06\/2025 Teste de L\u00f3gica 09\/06 a 11\/06\/2025 Envio do V\u00eddeo 12\/06 a [&hellip;]<\/p>\n","protected":false},"author":3,"featured_media":0,"parent":0,"menu_order":0,"comment_status":"closed","ping_status":"closed","template":"","meta":{"site-sidebar-layout":"default","site-content-layout":"","ast-site-content-layout":"default","site-content-style":"default","site-sidebar-style":"default","ast-global-header-display":"","ast-banner-title-visibility":"","ast-main-header-display":"","ast-hfb-above-header-display":"","ast-hfb-below-header-display":"","ast-hfb-mobile-header-display":"","site-post-title":"","ast-breadcrumbs-content":"","ast-featured-img":"","footer-sml-layout":"","ast-disable-related-posts":"","theme-transparent-header-meta":"","adv-header-id-meta":"","stick-header-meta":"","header-above-stick-meta":"","header-main-stick-meta":"","header-below-stick-meta":"","astra-migrate-meta-layouts":"default","ast-page-background-enabled":"default","ast-page-background-meta":{"desktop":{"background-color":"var(--ast-global-color-5)","background-image":"","background-repeat":"repeat","background-position":"center center","background-size":"auto","background-attachment":"scroll","background-type":"","background-media":"","overlay-type":"","overlay-color":"","overlay-opacity":"","overlay-gradient":""},"tablet":{"background-color":"","background-image":"","background-repeat":"repeat","background-position":"center center","background-size":"auto","background-attachment":"scroll","background-type":"","background-media":"","overlay-type":"","overlay-color":"","overlay-opacity":"","overlay-gradient":""},"mobile":{"background-color":"","background-image":"","background-repeat":"repeat","background-position":"center center","background-size":"auto","background-attachment":"scroll","background-type":"","background-media":"","overlay-type":"","overlay-color":"","overlay-opacity":"","overlay-gradient":""}},"ast-content-background-meta":{"desktop":{"background-color":"var(--ast-global-color-4)","background-image":"","background-repeat":"repeat","background-position":"center center","background-size":"auto","background-attachment":"scroll","background-type":"","background-media":"","overlay-type":"","overlay-color":"","overlay-opacity":"","overlay-gradient":""},"tablet":{"background-color":"var(--ast-global-color-4)","background-image":"","background-repeat":"repeat","background-position":"center center","background-size":"auto","background-attachment":"scroll","background-type":"","background-media":"","overlay-type":"","overlay-color":"","overlay-opacity":"","overlay-gradient":""},"mobile":{"background-color":"var(--ast-global-color-4)","background-image":"","background-repeat":"repeat","background-position":"center center","background-size":"auto","background-attachment":"scroll","background-type":"","background-media":"","overlay-type":"","overlay-color":"","overlay-opacity":"","overlay-gradient":""}},"_links_to":"","_links_to_type":0,"footnotes":""},"class_list":["post-20","page","type-page","status-publish","hentry"],"_links":{"self":[{"href":"https:\/\/extensao.ifg.edu.br\/futurodigital\/wp-json\/wp\/v2\/pages\/20"}],"collection":[{"href":"https:\/\/extensao.ifg.edu.br\/futurodigital\/wp-json\/wp\/v2\/pages"}],"about":[{"href":"https:\/\/extensao.ifg.edu.br\/futurodigital\/wp-json\/wp\/v2\/types\/page"}],"author":[{"embeddable":true,"href":"https:\/\/extensao.ifg.edu.br\/futurodigital\/wp-json\/wp\/v2\/users\/3"}],"replies":[{"embeddable":true,"href":"https:\/\/extensao.ifg.edu.br\/futurodigital\/wp-json\/wp\/v2\/comments?post=20"}],"version-history":[{"count":24,"href":"https:\/\/extensao.ifg.edu.br\/futurodigital\/wp-json\/wp\/v2\/pages\/20\/revisions"}],"predecessor-version":[{"id":279,"href":"https:\/\/extensao.ifg.edu.br\/futurodigital\/wp-json\/wp\/v2\/pages\/20\/revisions\/279"}],"wp:attachment":[{"href":"https:\/\/extensao.ifg.edu.br\/futurodigital\/wp-json\/wp\/v2\/media?parent=20"}],"curies":[{"name":"wp","href":"https:\/\/api.w.org\/{rel}","templated":true}]}}